{"id":397,"date":"2021-01-06T20:26:46","date_gmt":"2021-01-06T20:26:46","guid":{"rendered":"https:\/\/sysion.ch\/index\/?page_id=397"},"modified":"2026-01-05T10:18:52","modified_gmt":"2026-01-05T10:18:52","slug":"datenschutz","status":"publish","type":"page","link":"https:\/\/sysion.ch\/index\/datenschutz\/","title":{"rendered":"Datenschutz"},"content":{"rendered":"<div data-colibri-id=\"397-c1\" class=\"style-469 style-local-397-c1 position-relative\">\r\n  <!---->\r\n  <div data-colibri-component=\"section\" data-colibri-id=\"397-c2\" id=\"custom\" class=\"h-section h-section-global-spacing d-flex align-items-lg-center align-items-md-center align-items-center style-470 style-local-397-c2 position-relative\">\r\n    <!---->\r\n    <!---->\r\n    <div class=\"h-section-grid-container h-section-boxed-container\">\r\n      <!---->\r\n      <div data-colibri-id=\"397-c3\" class=\"h-row-container gutters-row-lg-2 gutters-row-md-2 gutters-row-0 gutters-row-v-lg-2 gutters-row-v-md-2 gutters-row-v-2 style-471 style-local-397-c3 position-relative\">\r\n        <!---->\r\n        <div class=\"h-row justify-content-lg-center justify-content-md-center justify-content-center align-items-lg-stretch align-items-md-stretch align-items-stretch gutters-col-lg-2 gutters-col-md-2 gutters-col-0 gutters-col-v-lg-2 gutters-col-v-md-2 gutters-col-v-2\">\r\n          <!---->\r\n          <div class=\"h-column h-column-container d-flex h-col-lg-auto h-col-md-auto h-col-auto style-472-outer style-local-397-c4-outer\">\r\n            <div data-colibri-id=\"397-c4\" class=\"d-flex h-flex-basis h-column__inner h-px-lg-2 h-px-md-2 h-px-2 v-inner-lg-2 v-inner-md-2 v-inner-2 style-472 style-local-397-c4 position-relative\">\r\n              <!---->\r\n              <!---->\r\n              <div class=\"w-100 h-y-container h-column__content h-column__v-align flex-basis-100 align-self-lg-start align-self-md-start align-self-start\">\r\n                <!---->\r\n                <div data-colibri-id=\"397-c5\" class=\"h-text h-text-component style-473 style-local-397-c5 position-relative h-element\">\r\n                  <!---->\r\n                  <!---->\r\n                  <div class=\"\">\r\n                    <p><strong style=\"font-size: 15pt; font-family: &quot;Open Sans&quot;, serif; color: rgb(23, 37, 42);\">Datenschutzerkl\u00e4rung<\/strong><\/p>\r\n                    <p><span style=\"font-family: &quot;Open Sans&quot;, serif; color: black;\">Verantwortliche Stelle im Sinne der Datenschutzgesetze, insbesondere der EU-Datenschutzgrundverordnung (DSGVO), ist:<\/span><\/p>\r\n                    <p><span style=\"font-family: &quot;Open Sans&quot;, serif; color: black;\">Sysion, Daniel Keller, Wiesenstrasse 12, 8640 Rapperswil, Telefon: 0796914803,&nbsp;E-Mail: daniel@sysion.ch, WebSite: http:\/\/www.sysion.ch\/<\/span><\/p>\r\n                    <p><strong style=\"font-size: 15pt; font-family: &quot;Open Sans&quot;, serif; color: rgb(23, 37, 42);\">Allgemeiner Hinweis<\/strong><\/p>\r\n                    <p><span style=\"font-family: &quot;Open Sans&quot;, serif; color: black;\">Gest\u00fctzt auf Artikel 13 der schweizerischen Bundesverfassung und den datenschutzrechtlichen Bestimmungen des Bundes (Datenschutzgesetz, DSG) hat jede Person Anspruch auf Schutz ihrer Privatsph\u00e4re sowie auf Schutz vor Missbrauch ihrer pers\u00f6nlichen Daten. Die Betreiber dieser Seiten nehmen den Schutz Ihrer pers\u00f6nlichen Daten sehr ernst. Wir behandeln Ihre personenbezogenen Daten vertraulich und entsprechend der gesetzlichen Datenschutzvorschriften sowie dieser Datenschutzerkl\u00e4rung.<\/span><\/p>\r\n                    <p><span style=\"font-family: &quot;Open Sans&quot;, serif; color: black;\">In Zusammenarbeit mit unseren Hosting-Providern bem\u00fchen wir uns, die Datenbanken so gut wie m\u00f6glich vor fremden Zugriffen, Verlusten, Missbrauch oder vor F\u00e4lschung zu sch\u00fctzen.<\/span><\/p>\r\n                    <p><span style=\"font-family: &quot;Open Sans&quot;, serif; color: black;\">Wir weisen darauf hin, dass die Daten\u00fcbertragung im Internet (z.B. bei der Kommunikation per E-Mail) Sicherheitsl\u00fccken aufweisen kann. Ein l\u00fcckenloser Schutz der Daten vor dem Zugriff durch Dritte ist nicht m\u00f6glich.<\/span><\/p>\r\n                    <p><span style=\"font-family: &quot;Open Sans&quot;, serif; color: black;\">Durch die Nutzung dieser Website erkl\u00e4ren Sie sich mit der Erhebung, Verarbeitung und Nutzung von Daten gem\u00e4ss der nachfolgenden Beschreibung einverstanden. Diese Website kann grunds\u00e4tzlich ohne Registrierung besucht werden. Dabei werden Daten wie beispielsweise aufgerufene Seiten bzw. Namen der abgerufenen Datei, Datum und Uhrzeit zu statistischen Zwecken auf dem Server gespeichert, ohne dass diese Daten unmittelbar auf Ihre Person bezogen werden. Personenbezogene Daten, insbesondere Name, Adresse oder E-Mail-Adresse werden soweit m\u00f6glich auf freiwilliger Basis erhoben. Ohne Ihre Einwilligung erfolgt keine Weitergabe der Daten an Dritte.<\/span><\/p>\r\n                    <p><span style=\"font-family: &quot;Open Sans&quot;, serif; color: black;\">&nbsp;<\/span><\/p>\r\n                    <p><strong style=\"font-size: 15pt; font-family: &quot;Open Sans&quot;, serif; color: rgb(23, 37, 42);\">Bearbeitung von Personendaten<\/strong><\/p>\r\n                    <p><span style=\"font-family: &quot;Open Sans&quot;, serif; color: black;\">Personendaten sind alle Angaben, die sich auf eine bestimmte oder bestimmbare Person beziehen. Eine betroffene Person ist eine Person, \u00fcber die Personendaten bearbeitet werden. Bearbeiten umfasst jeden Umgang mit Personendaten, unabh\u00e4ngig von den angewandten Mitteln und Verfahren, insbesondere das Aufbewahren, Bekanntgeben, Beschaffen, L\u00f6schen, Speichern, Ver\u00e4ndern, Vernichten und Verwenden von Personendaten.<\/span><\/p>\r\n                    <p><span style=\"font-family: &quot;Open Sans&quot;, serif; color: black;\">Wir bearbeiten Personendaten im Einklang mit dem schweizerischen Datenschutzrecht. Im \u00dcbrigen bearbeiten wir \u2013 soweit und sofern die EU-DSGVO anwendbar ist \u2013 Personendaten gem\u00e4ss folgenden Rechtsgrundlagen im Zusammenhang mit Art. 6 Abs. 1 DSGVO:<\/span><\/p>\r\n                    <p><span style=\"font-family: &quot;Open Sans&quot;, serif; color: black;\">lit. a) Bearbeitung von Personendaten mit Einwilligung der betroffenen Person.<\/span><\/p>\r\n                    <p><span style=\"font-family: &quot;Open Sans&quot;, serif; color: black;\">lit. b) Bearbeitung von Personendaten zur Erf\u00fcllung eines Vertrages mit der betroffenen Person sowie zur Durchf\u00fchrung entsprechender vorvertraglicher Massnahmen.<\/span><\/p>\r\n                    <p><span style=\"font-family: &quot;Open Sans&quot;, serif; color: black;\">lit. c) Bearbeitung von Personendaten zur Erf\u00fcllung einer rechtlichen Verpflichtung, der wir gem\u00e4ss allenfalls anwendbarem Recht der EU oder gem\u00e4ss allenfalls anwendbarem Recht eines Landes, in dem die DSGVO&nbsp;ganz oder teilweise anwendbar ist, unterliegen.<\/span><\/p>\r\n                    <p><span style=\"font-family: &quot;Open Sans&quot;, serif; color: black;\">lit. d) Bearbeitung von Personendaten um lebenswichtige Interessen der betroffenen Person oder einer anderen nat\u00fcrlichen Person zu sch\u00fctzen.<\/span><\/p>\r\n                    <p><span style=\"font-family: &quot;Open Sans&quot;, serif; color: black;\">lit. f) Bearbeitung von Personendaten um die berechtigten Interessen von uns oder von Dritten zu wahren, sofern nicht die Grundfreiheiten und Grundrechte sowie Interessen der betroffenen Person \u00fcberwiegen. Berechtigte Interessen sind insbesondere unser betriebswirtschaftliches Interesse, unsere Website bereitstellen zu k\u00f6nnen, die Informationssicherheit, die Durchsetzung von eigenen rechtlichen Anspr\u00fcchen und die Einhaltung von schweizerischem Recht.<\/span><\/p>\r\n                    <p><span style=\"font-family: &quot;Open Sans&quot;, serif; color: black;\">Wir bearbeiten Personendaten f\u00fcr jene Dauer, die f\u00fcr den jeweiligen Zweck oder die jeweiligen Zwecke erforderlich ist. Bei l\u00e4nger dauernden Aufbewahrungspflichten aufgrund von gesetzlichen und sonstigen Pflichten, denen wir unterliegen, schr\u00e4nken wir die Bearbeitung entsprechend ein.<\/span><\/p>\r\n                    <p><span style=\"font-family: &quot;Open Sans&quot;, serif; color: black;\">&nbsp;<\/span><\/p>\r\n                    <p><strong style=\"font-size: 15pt; font-family: &quot;Open Sans&quot;, serif; color: rgb(23, 37, 42);\">Datenschutzerkl\u00e4rung f\u00fcr Cookies<\/strong><\/p>\r\n                    <p><span style=\"font-family: &quot;Open Sans&quot;, serif; color: black;\">Diese Website verwendet Cookies. Das sind kleine Textdateien, die es m\u00f6glich machen, auf dem Endger\u00e4t des Nutzers spezifische, auf den Nutzer bezogene Informationen zu speichern, w\u00e4hrend er die Website nutzt. Cookies erm\u00f6glichen es, insbesondere Nutzungsh\u00e4ufigkeit und Nutzeranzahl der Seiten zu ermitteln, Verhaltensweisen der Seitennutzung zu analysieren, aber auch unser Angebot kundenfreundlicher zu gestalten.&nbsp;Cookies bleiben \u00fcber das Ende einer Browser-Sitzung gespeichert und k\u00f6nnen bei einem erneuten Seitenbesuch wieder aufgerufen werden. Wenn Sie das nicht w\u00fcnschen, sollten Sie Ihren Internetbrowser so einstellen, dass er die Annahme von Cookies verweigert.<\/span><\/p>\r\n                    <p><span style=\"font-family: &quot;Open Sans&quot;, serif; color: black;\">Ein genereller Widerspruch gegen den Einsatz der zu Zwecken des Onlinemarketing eingesetzten Cookies kann bei einer Vielzahl der Dienste, vor allem im Fall des Trackings, \u00fcber die US-amerikanische Seite&nbsp;<\/span>\r\n                      <a href=\"http:\/\/www.aboutads.info\/choices\" target=\"_blank\" style=\"font-family: &quot;Open Sans&quot;, serif; color: rgb(69, 67, 67);\" class=\"customize-unpreviewable\" rel=\"noopener\">http:\/\/www.aboutads.info\/choices\/<\/a><span style=\"font-family: &quot;Open Sans&quot;, serif; color: black;\">&nbsp;oder die EU-Seite&nbsp;<\/span>\r\n                        <a href=\"http:\/\/www.youronlinechoices.com\" target=\"_blank\" style=\"font-family: &quot;Open Sans&quot;, serif; color: rgb(69, 67, 67);\" class=\"customize-unpreviewable\" rel=\"noopener\">http:\/\/www.youronlinechoices.com\/<\/a><span style=\"font-family: &quot;Open Sans&quot;, serif; color: black;\">&nbsp;erkl\u00e4rt werden. Des Weiteren kann die Speicherung von Cookies mittels deren Abschaltung in den Einstellungen des Browsers erreicht werden. Bitte beachten Sie, dass dann gegebenenfalls nicht alle Funktionen dieses Onlineangebotes genutzt werden k\u00f6nnen.<\/span><\/p>\r\n                    <p><span style=\"font-family: &quot;Open Sans&quot;, serif; color: black;\">&nbsp;<\/span><\/p>\r\n                    <p><strong style=\"font-size: 15pt; font-family: &quot;Open Sans&quot;, serif; color: rgb(23, 37, 42);\">Datenschutzerkl\u00e4rung f\u00fcr SSL-\/TLS-Verschl\u00fcsselung<\/strong><\/p>\r\n                    <p><span style=\"font-family: &quot;Open Sans&quot;, serif; color: black;\">Diese Website nutzt aus Gr\u00fcnden der Sicherheit und zum Schutz der \u00dcbertragung vertraulicher Inhalte, wie zum Beispiel der Anfragen, die Sie an uns als Seitenbetreiber senden, eine SSL-\/TLS-Verschl\u00fcsselung. Eine verschl\u00fcsselte Verbindung erkennen Sie daran, dass die Adresszeile des Browsers von &#8222;http:\/\/&#8220; auf &#8222;https:\/\/&#8220; wechselt und an dem Schloss-Symbol in Ihrer Browserzeile.<\/span><\/p>\r\n                    <p><span style=\"font-family: &quot;Open Sans&quot;, serif; color: black;\">Wenn die SSL bzw. TLS Verschl\u00fcsselung aktiviert ist, k\u00f6nnen die Daten, die Sie an uns \u00fcbermitteln, nicht von Dritten mitgelesen werden.<\/span><\/p>\r\n                    <p><span style=\"font-family: &quot;Open Sans&quot;, serif; color: black;\">&nbsp;<\/span><\/p>\r\n                    <p><strong style=\"font-size: 15pt; font-family: &quot;Open Sans&quot;, serif; color: rgb(23, 37, 42);\">Daten\u00fcbertragungssicherheit (ohne SSL)<\/strong><\/p>\r\n                    <p><span style=\"font-family: &quot;Open Sans&quot;, serif; color: black;\">Bitte beachten Sie, dass Daten, die \u00fcber ein offenes Netz wie das Internet oder einen E-Mail-Dienst ohne SSL-Verschl\u00fcsselung \u00fcbermittelt werden, f\u00fcr jedermann einsehbar sind. Eine unverschl\u00fcsselte Verbindung erkennen Sie daran, dass die Adresszeile des Browsers &#8222;http:\/\/&#8220; anzeigt und kein Schloss-Symbol in Ihrer Browserzeile angezeigt wird. Informationen die \u00fcber das Internet \u00fcbertragen werden und online empfangene Inhalte, k\u00f6nnen unter Umst\u00e4nden \u00fcber Netze von Drittanbietern \u00fcbermittelt werden. Wir k\u00f6nnen die Vertraulichkeit von Mitteilungen oder Unterlagen, die \u00fcber solche offenen Netze oder Netze von Drittanbietern \u00fcbermittelt werden, nicht garantieren.<\/span><\/p>\r\n                    <p><span style=\"font-family: &quot;Open Sans&quot;, serif; color: black;\">Wenn Sie \u00fcber ein offenes Netz oder Netze von Drittanbietern personenbezogene Informationen bekannt geben, sollten Sie sich der Tatsache bewusst sein, dass Ihre Daten verloren gehen oder Dritte potenziell auf diese Informationen zugreifen und folglich die Daten ohne Ihre Zustimmung sammeln und nutzen k\u00f6nnen. Zwar werden in vielen F\u00e4llen die einzelnen Datenpakete verschl\u00fcsselt \u00fcbermittelt, nicht aber die Namen des Absenders und des Empf\u00e4ngers. Selbst wenn der Absender und der Empf\u00e4nger im gleichen Land wohnen, erfolgt die Daten\u00fcbermittlung \u00fcber solche Netze h\u00e4ufig und ohne Kontrollen auch \u00fcber Drittstaaten, d.h. auch \u00fcber L\u00e4nder, die nicht das gleiche Datenschutzniveau bieten wie Ihr Domizilland. Wir \u00fcbernehmen f\u00fcr die Sicherheit Ihrer Daten w\u00e4hrend der \u00dcbermittlung \u00fcber das Internet keine Verantwortung und lehnen jede Haftung f\u00fcr mittelbare und unmittelbare Verluste ab. Wir bitten Sie, andere Kommunikationsmittel zu benutzen, sollten Sie dies aus Gr\u00fcnden der Sicherheit f\u00fcr notwendig oder vern\u00fcnftig erachten.<\/span><\/p>\r\n                    <p><span style=\"font-family: &quot;Open Sans&quot;, serif; color: black;\">Trotz umfangreicher technischer und organisatorischer Sicherungsvorkehrungen, k\u00f6nnen m\u00f6glicherweise Daten verloren gehen oder von Unbefugten abgefangen und\/oder manipuliert werden. Wir treffen soweit m\u00f6glich geeignete technische und organisatorische Sicherheitsmassnahmen, um dies innerhalb unseres Systems zu verhindern. Ihr Computer befindet sich indessen ausserhalb des von uns kontrollierbaren Sicherheitsbereichs. Es obliegt Ihnen als Benutzer, sich \u00fcber die erforderlichen Sicherheitsvorkehrungen zu informieren und diesbez\u00fcglich geeignete Massnahmen zu treffen. Als Website-Betreiber haften wir keinesfalls f\u00fcr Sch\u00e4den, die Ihnen aus Datenverlust oder -manipulation entstehen k\u00f6nnen.<\/span><\/p>\r\n                    <p><span style=\"font-family: &quot;Open Sans&quot;, serif; color: black;\">Daten welche Sie in Online-Formularen angeben, k\u00f6nnen zwecks Auftragsabwicklung an beauftragte Dritte weitergegeben und von diesen eingesehen und allenfalls bearbeitet werden.<\/span><\/p>\r\n                    <p><span style=\"font-family: &quot;Open Sans&quot;, serif; color: black;\">&nbsp;<\/span><\/p>\r\n                    <p><strong style=\"font-size: 15pt; font-family: &quot;Open Sans&quot;, serif; color: rgb(23, 37, 42);\">Datenschutzerkl\u00e4rung f\u00fcr Server-Log-Files<\/strong><\/p>\r\n                    <p><span style=\"font-family: &quot;Open Sans&quot;, serif; color: black;\">Der Provider dieser Website erhebt und speichert automatisch Informationen in so genannten Server-Log Files, die Ihr Browser automatisch an uns \u00fcbermittelt. Dies sind:<\/span><\/p>\r\n                    <p><span style=\"font-family: &quot;Times New Roman&quot;, serif;\">Browsertyp und Browserversionverwendetes BetriebssystemReferrer URLHostname des zugreifenden RechnersUhrzeit der Serveranfrage<\/span><span style=\"font-family: &quot;Open Sans&quot;, serif; color: black;\">&nbsp;<\/span><\/p>\r\n                    <p><span style=\"font-family: &quot;Open Sans&quot;, serif; color: black;\">Diese Daten sind nicht bestimmten Personen zuordenbar. Eine Zusammenf\u00fchrung dieser Daten mit anderen Datenquellen wird nicht vorgenommen. Wir behalten uns vor, diese Daten nachtr\u00e4glich zupr\u00fcfen, wenn uns konkrete Anhaltspunkte f\u00fcr eine rechtswidrige Nutzung bekannt werden.<\/span><\/p>\r\n                    <p><span style=\"font-family: &quot;Open Sans&quot;, serif; color: black;\">&nbsp;<\/span><\/p>\r\n                    <p><strong style=\"font-size: 15pt; font-family: &quot;Open Sans&quot;, serif; color: rgb(23, 37, 42);\">Dienste von Dritten<\/strong><\/p>\r\n                    <p><span style=\"font-family: &quot;Open Sans&quot;, serif; color: black;\">Diese Website verwenden allenfalls Google Maps f\u00fcr das Einbetten von Karten, Google Invisible reCAPTCHA f\u00fcr den Schutz gegen Bots und Spam sowie YouTube f\u00fcr das Einbetten von Videos.<\/span><\/p>\r\n                    <p><span style=\"font-family: &quot;Open Sans&quot;, serif; color: black;\">Diese Dienste der amerikanischen Google LLC verwenden unter anderem Cookies und infolgedessen werden Daten an Google in den USA \u00fcbertragen, wobei wir davon ausgehen, dass in diesem Rahmen kein personenbezogenes Tracking allein durch die Nutzung unserer Website stattfindet.<\/span><\/p>\r\n                    <p><span style=\"font-family: &quot;Open Sans&quot;, serif; color: black;\">Google hat sich verpflichtet, einen angemessenen Datenschutz gem\u00e4ss dem amerikanisch-europ\u00e4ischen und dem amerikanisch-schweizerischen Privacy Shield zu gew\u00e4hrleisten.<\/span><\/p>\r\n                    <p><span style=\"font-family: &quot;Open Sans&quot;, serif; color: black;\">Weitere Informationen finden sich in der&nbsp;<\/span>\r\n                      <a href=\"https:\/\/policies.google.com\/privacy?hl=de\" target=\"_blank\" style=\"font-family: &quot;Open Sans&quot;, serif; color: blue;\" class=\"customize-unpreviewable\" rel=\"noopener\">Datenschutzerkl\u00e4rung von Google<\/a><span style=\"font-family: &quot;Open Sans&quot;, serif; color: black;\">.<\/span><\/p>\r\n                    <p><span style=\"font-family: &quot;Open Sans&quot;, serif; color: black;\">&nbsp;<\/span><\/p>\r\n                    <p><strong style=\"font-size: 15pt; font-family: &quot;Open Sans&quot;, serif; color: rgb(23, 37, 42);\">Datenschutzerkl\u00e4rung f\u00fcr Kontaktformular<\/strong><\/p>\r\n                    <p><span style=\"font-family: &quot;Open Sans&quot;, serif; color: black;\">Wenn Sie uns per Kontaktformular Anfragen zukommen lassen, werden Ihre Angaben aus dem Anfrageformular inklusive der von Ihnen dort angegebenen Kontaktdaten zwecks Bearbeitung der Anfrage und f\u00fcr den Fall von Anschlussfragen bei uns gespeichert. Diese Daten geben wir nicht ohne Ihre Einwilligung weiter.<\/span><\/p>\r\n                    <p><span style=\"font-family: &quot;Open Sans&quot;, serif; color: black;\">&nbsp;<\/span><\/p>\r\n                    <p><strong style=\"font-size: 15pt; font-family: &quot;Open Sans&quot;, serif; color: rgb(23, 37, 42);\">Datenschutzerkl\u00e4rung f\u00fcr Kommentarfunktion auf dieser Website<\/strong><\/p>\r\n                    <p><span style=\"font-family: &quot;Open Sans&quot;, serif; color: black;\">F\u00fcr die Kommentarfunktion auf dieser Website werden neben Ihrem Kommentar auch Angaben zum Zeitpunkt der Erstellung des Kommentars, Ihre E-Mail-Adresse und, wenn Sie nicht anonym posten, der von Ihnen gew\u00e4hlte Nutzername gespeichert.<\/span><\/p>\r\n                    <p><em style=\"font-family: &quot;Open Sans&quot;, serif; color: black;\">Speicherung der IP Adresse<\/em><\/p>\r\n                    <p><span style=\"font-family: &quot;Open Sans&quot;, serif; color: black;\">Unsere Kommentarfunktion speichert die IP-Adressen der Nutzer, die Kommentare verfassen. Da wir Kommentare auf unserer Seite nicht vor der Freischaltung pr\u00fcfen, ben\u00f6tigen wir diese Daten, um im Falle von Rechtsverletzungen wie Beleidigungen oder Propaganda gegen den Verfasser vorgehen zu k\u00f6nnen.<\/span><\/p>\r\n                    <p><em style=\"font-family: &quot;Open Sans&quot;, serif; color: black;\">Abonnieren von Kommentaren<\/em><\/p>\r\n                    <p><span style=\"font-family: &quot;Open Sans&quot;, serif; color: black;\">Als Nutzer der Seite k\u00f6nnen Sie nach einer Anmeldung Kommentare abonnieren. Sie erhalten eine Best\u00e4tigungsemail, um zu pr\u00fcfen, ob Sie der Inhaber der angegebenen E-Mail-Adresse sind. Sie k\u00f6nnen diese Funktion jederzeit \u00fcber einen Link in den Info-Mails abbestellen.<\/span><\/p>\r\n                    <p><span style=\"font-family: &quot;Open Sans&quot;, serif; color: black;\">&nbsp;<\/span><\/p>\r\n                    <p><strong style=\"font-size: 15pt; font-family: &quot;Open Sans&quot;, serif; color: rgb(23, 37, 42);\">Rechte betroffener Personen<\/strong><\/p>\r\n                    <p><strong style=\"font-family: &quot;Open Sans&quot;, serif; color: black;\">Recht auf Best\u00e4tigung<\/strong><\/p>\r\n                    <p><span style=\"font-family: &quot;Open Sans&quot;, serif; color: black;\">Jede betroffene Person hat das Recht, vom Betreiber der Website eine Best\u00e4tigung dar\u00fcber zu verlangen, ob betroffene Personen betreffende, personenbezogene Daten verarbeitet werden. M\u00f6chten Sie dieses Best\u00e4tigungsrecht in Anspruch nehmen, k\u00f6nnen Sie sich hierzu jederzeit an den Datenschutzbeauftragten wenden.<\/span><\/p>\r\n                    <p><strong style=\"font-family: &quot;Open Sans&quot;, serif; color: black;\">Recht auf Auskunft<\/strong><\/p>\r\n                    <p><span style=\"font-family: &quot;Open Sans&quot;, serif; color: black;\">Jede von der Verarbeitung betroffene Person mit personenbezogenen Daten hat das Recht, jederzeit vom Betreiber dieser Website unentgeltliche Auskunft \u00fcber die zu seiner Person gespeicherten personenbezogenen Daten und eine Kopie dieser Auskunft zu erhalten. Ferner kann gegebenenfalls \u00fcber folgende Informationen Auskunft gegeben werden:<\/span><\/p>\r\n                    <p><span style=\"font-family: &quot;Times New Roman&quot;, serif;\">die Verarbeitungszweckedie Kategorien personenbezogener Daten, die verarbeitet werdendie Empf\u00e4nger, gegen\u00fcber denen die personenbezogenen Daten offengelegt worden sind oder noch offengelegt werdenfalls m\u00f6glich, die geplante Dauer, f\u00fcr die die personenbezogenen Daten gespeichert werden, oder, falls dies nicht m\u00f6glich ist, die Kriterien f\u00fcr die Festlegung dieser Dauerdas Bestehen eines Rechts auf Berichtigung oder L\u00f6schung der sie betreffenden personenbezogenen Daten oder auf Einschr\u00e4nkung der Verarbeitung durch den Verantwortlichen oder eines Widerspruchsrechts gegen diese Verarbeitungdas Bestehen eines Beschwerderechts bei einer Aufsichtsbeh\u00f6rdewenn die personenbezogenen Daten nicht bei der betroffenen Person erhoben werden: Alle verf\u00fcgbaren Informationen \u00fcber die Herkunft der Daten<\/span>\r\n                      <span\r\n                        style=\"font-family: &quot;Open Sans&quot;, serif; color: black;\">Ferner steht der betroffenen Person ein Auskunftsrecht dar\u00fcber zu, ob personenbezogene Daten an ein Drittland oder an eine internationale Organisation \u00fcbermittelt wurden. Sofern dies der Fall ist, so steht der betroffenen Person\r\n                        im \u00fcbrigen das Recht zu, Auskunft \u00fcber die geeigneten Garantien im Zusammenhang mit der \u00dcbermittlung zu erhalten.<\/span>\r\n                    <\/p>\r\n                    <p><span style=\"font-family: &quot;Open Sans&quot;, serif; color: black;\">M\u00f6chten Sie dieses Auskunftsrecht in Anspruch nehmen, k\u00f6nnen Sie sich hierzu jederzeit an unseren Datenschutzbeauftragten wenden.<\/span><\/p>\r\n                    <p><strong style=\"font-family: &quot;Open Sans&quot;, serif; color: black;\">Recht auf Berichtigung<\/strong><\/p>\r\n                    <p><span style=\"font-family: &quot;Open Sans&quot;, serif; color: black;\">Jede von der Verarbeitung personenbezogener Daten betroffene Person hat das Recht, die unverz\u00fcgliche Berichtigung sie betreffender unrichtiger personenbezogener Daten zu verlangen. Ferner steht der betroffenen Person das Recht zu, unter Ber\u00fccksichtigung der Zwecke der Verarbeitung, die Vervollst\u00e4ndigung unvollst\u00e4ndiger personenbezogener Daten &#8211; auch mittels einer erg\u00e4nzenden Erkl\u00e4rung &#8211; zu verlangen.<\/span><\/p>\r\n                    <p><span style=\"font-family: &quot;Open Sans&quot;, serif; color: black;\">M\u00f6chten Sie dieses Berichtigungsrecht in Anspruch nehmen, k\u00f6nnen Sie sich hierzu jederzeit an unseren Datenschutzbeauftragten wenden.<\/span><\/p>\r\n                    <p><strong style=\"font-family: &quot;Open Sans&quot;, serif; color: black;\">Recht auf L\u00f6schung (Recht auf Vergessen werden)<\/strong><\/p>\r\n                    <p><span style=\"font-family: &quot;Open Sans&quot;, serif; color: black;\">Jede von der Verarbeitung personenbezogener Daten betroffene Person hat das Recht, von dem Verantwortlichen dieser Website zu verlangen, dass die sie betreffenden personenbezogenen Daten unverz\u00fcglich gel\u00f6scht werden, sofern einer der folgenden Gr\u00fcnde zutrifft und soweit die Verarbeitung nicht erforderlich ist:<\/span><\/p>\r\n                    <p><span style=\"font-family: &quot;Times New Roman&quot;, serif;\">Die personenbezogenen Daten wurden f\u00fcr solche Zwecke erhoben oder auf sonstige Weise verarbeitet, f\u00fcr welche sie nicht mehr notwendig sindDie betroffene Person widerruft ihre Einwilligung, auf die sich die Verarbeitung st\u00fctzte, und es fehlt an einer anderweitigen Rechtsgrundlage f\u00fcr die VerarbeitungDie betroffene Person legt aus Gr\u00fcnden, die sich aus ihrer besonderen Situation ergeben, Widerspruch gegen die Verarbeitung ein und es liegen keine vorrangigen berechtigten Gr\u00fcnde f\u00fcr die Verarbeitung vor, oder die betroffene Person legt im Falle von Direktwerbung und damit verbundenem Profiling Widerspruch gegen die Verarbeitung einDie personenbezogenen Daten wurden unrechtm\u00e4ssig verarbeitetDie L\u00f6schung der personenbezogenen Daten ist zur Erf\u00fcllung einer rechtlichen Verpflichtung nach dem Unionsrecht oder dem Recht der Mitgliedstaaten erforderlich, dem der Verantwortliche unterliegtDie personenbezogenen Daten wurden in Bezug auf angebotene Dienste der Informationsgesellschaft, die einem Kind direkt gemacht wurden, erhoben<\/span>\r\n                      <span\r\n                        style=\"font-family: &quot;Open Sans&quot;, serif; color: black;\">&nbsp;<\/span>\r\n                    <\/p>\r\n                    <p><span style=\"font-family: &quot;Open Sans&quot;, serif; color: black;\">Sofern einer der oben genannten Gr\u00fcnde zutrifft und Sie die L\u00f6schung von personenbezogenen Daten, die beimBetreiber dieser Website gespeichert sind, veranlassen m\u00f6chten, k\u00f6nnen Sie sich hierzu jederzeit an unseren Datenschutzbeauftragten wenden. Der Datenschutzbeauftragte dieser Website wird veranlassen, dass dem L\u00f6schverlangen unverz\u00fcglich nachgekommen wird.<\/span><\/p>\r\n                    <p><strong style=\"font-family: &quot;Open Sans&quot;, serif; color: black;\">Recht auf Einschr\u00e4nkung der Verarbeitung<\/strong><\/p>\r\n                    <p><span style=\"font-family: &quot;Open Sans&quot;, serif; color: black;\">Jede von der Verarbeitung personenbezogener Daten betroffene Person hat das Recht, von dem Verantwortlichen dieser Website die Einschr\u00e4nkung der Verarbeitung zu verlangen, wenn eine der folgenden Voraussetzungen gegeben ist:<\/span><\/p>\r\n                    <p><span style=\"font-family: &quot;Times New Roman&quot;, serif;\">Die Richtigkeit der personenbezogenen Daten wird von der betroffenen Person bestritten, und zwar f\u00fcr eine Dauer, die es dem Verantwortlichen erm\u00f6glicht, die Richtigkeit der personenbezogenen Daten zu \u00fcberpr\u00fcfenDie Verarbeitung ist unrechtm\u00e4ssig, die betroffene Person lehnt die L\u00f6schung der personenbezogenen Daten ab und verlangt stattdessen die Einschr\u00e4nkung der Nutzung der personenbezogenen DatenDer Verantwortliche ben\u00f6tigt die personenbezogenen Daten f\u00fcr die Zwecke der Verarbeitung nicht l\u00e4nger, die betroffene Person ben\u00f6tigt sie jedoch zur Geltendmachung, Aus\u00fcbung oder Verteidigung von Rechtsanspr\u00fcchenDie betroffene Person hat aus Gr\u00fcnden, die sich aus ihrer besonderen Situation ergeben, Widerspruch gegen die Verarbeitung eingelegt und es steht noch nicht fest, ob die berechtigten Gr\u00fcnde des Verantwortlichen gegen\u00fcber denen der betroffenen Person \u00fcberwiegen<\/span>\r\n                      <span\r\n                        style=\"font-family: &quot;Open Sans&quot;, serif; color: black;\">&nbsp;<\/span>\r\n                    <\/p>\r\n                    <p><span style=\"font-family: &quot;Open Sans&quot;, serif; color: black;\">Sofern eine der oben genannten Voraussetzungen gegeben ist Sie die Einschr\u00e4nkung von personenbezogenen Daten, die beim Betreiber dieser Website gespeichert sind, verlangen m\u00f6chten, k\u00f6nnen Sie sich hierzu jederzeit an unseren Datenschutzbeauftragten wenden. Der Datenschutzbeauftragte dieser Website wird die Einschr\u00e4nkung der Verarbeitung veranlassen.<\/span><\/p>\r\n                    <p><strong style=\"font-family: &quot;Open Sans&quot;, serif; color: black;\">Recht auf Daten\u00fcbertragbarkeit<\/strong><\/p>\r\n                    <p><span style=\"font-family: &quot;Open Sans&quot;, serif; color: black;\">Jede von der Verarbeitung personenbezogener Daten betroffene Person hat das Recht, die sie betreffenden personenbezogenen Daten in einem strukturierten, g\u00e4ngigen und maschinenlesbaren Format zu erhalten. Sie hat ausserdem das Recht, dass diese Daten bei Vorliegen der gesetzlichen Voraussetzungen einem anderen Verantwortlichen \u00fcbermittelt werden.<\/span><\/p>\r\n                    <p><span style=\"font-family: &quot;Open Sans&quot;, serif; color: black;\">Ferner hat die betroffene Person das Recht, zu erwirken, dass die personenbezogenen Daten direkt von einem Verantwortlichen an einen anderen Verantwortlichen \u00fcbermittelt werden, soweit dies technisch machbar ist und sofern hiervon nicht die Rechte und Freiheiten anderer Personen beeintr\u00e4chtigt werden.<\/span><\/p>\r\n                    <p><span style=\"font-family: &quot;Open Sans&quot;, serif; color: black;\">Zur Geltendmachung des Rechts auf Daten\u00fcbertragbarkeit k\u00f6nnen Sie sich jederzeit an den vom Betreiber dieser Website bestellten Datenschutzbeauftragten wenden.<\/span><\/p>\r\n                    <p><strong style=\"font-family: &quot;Open Sans&quot;, serif; color: black;\">Recht auf Widerspruch<\/strong><\/p>\r\n                    <p><span style=\"font-family: &quot;Open Sans&quot;, serif; color: black;\">Jede von der Verarbeitung personenbezogener Daten betroffene Person hat das Recht, aus Gr\u00fcnden, die sich aus ihrer besonderen Situation ergeben, jederzeit gegen die Verarbeitung sie betreffender personenbezogener Daten, Widerspruch einzulegen.<\/span><\/p>\r\n                    <p><span style=\"font-family: &quot;Open Sans&quot;, serif; color: black;\">Der Betreiber dieser Website verarbeitet die personenbezogenen Daten im Falle des Widerspruchs nicht mehr, es sei denn, wir k\u00f6nnen zwingende schutzw\u00fcrdige Gr\u00fcnde f\u00fcr die Verarbeitung nachweisen, die den Interessen, Rechten und Freiheiten der betroffenen Person \u00fcberwiegen, oder wenn die Verarbeitung der Geltendmachung, Aus\u00fcbung oder Verteidigung von Rechtsanspr\u00fcchen dient.<\/span><\/p>\r\n                    <p><span style=\"font-family: &quot;Open Sans&quot;, serif; color: black;\">Zur Aus\u00fcbung des Rechts auf Widerspruch k\u00f6nnen Sie sich direkt an den Datenschutzbeauftragten dieser Website wenden.<\/span><\/p>\r\n                    <p><strong style=\"font-family: &quot;Open Sans&quot;, serif; color: black;\">Recht auf Widerruf einer datenschutzrechtlichen Einwilligung<\/strong><\/p>\r\n                    <p><span style=\"font-family: &quot;Open Sans&quot;, serif; color: black;\">Jede von der Verarbeitung personenbezogener Daten betroffene Person hat das Recht, eine abgegebene Einwilligung zur Verarbeitung personenbezogener Daten jederzeit zu widerrufen.<\/span><\/p>\r\n                    <p><span style=\"font-family: &quot;Open Sans&quot;, serif; color: black;\">M\u00f6chten Sie Ihr Recht auf Widerruf einer Einwilligung geltend machen, k\u00f6nnen Sie sich hierzu jederzeit an unseren Datenschutzbeauftragten wenden.<\/span><\/p>\r\n                    <p><span style=\"font-family: &quot;Open Sans&quot;, serif; color: black;\">&nbsp;<\/span><\/p>\r\n                    <p><strong style=\"font-size: 15pt; font-family: &quot;Open Sans&quot;, serif; color: rgb(23, 37, 42);\">Datenschutzerkl\u00e4rung f\u00fcr Widerspruch Werbe-Mails<\/strong><\/p>\r\n                    <p><span style=\"font-family: &quot;Open Sans&quot;, serif; color: black;\">Der Nutzung von im Rahmen der Impressumspflicht ver\u00f6ffentlichten Kontaktdaten zur \u00dcbersendung von nicht ausdr\u00fccklich angeforderter Werbung und Informationsmaterialien wird hiermit widersprochen. Die Betreiber der Seiten behalten sich ausdr\u00fccklich rechtliche Schritte im Falle der unverlangten Zusendung von Werbeinformationen, etwa durch Spam-E-Mails, vor.<\/span><\/p>\r\n                    <p><span style=\"font-family: &quot;Open Sans&quot;, serif; color: black;\">&nbsp;<\/span><\/p>\r\n                    <p><strong style=\"font-size: 15pt; font-family: &quot;Open Sans&quot;, serif; color: rgb(23, 37, 42);\">Verwendung von Google Maps<\/strong><\/p>\r\n                    <p><span style=\"font-family: &quot;Open Sans&quot;, serif; color: black;\">Diese Website nutzt das Angebot von Google Maps. Dadurch k\u00f6nnen wir Ihnen interaktive Karten direkt in der Website anzeigen und erm\u00f6glichen Ihnen die komfortable Nutzung der Karten-Funktion. Durch den Besuch auf der Website erh\u00e4lt Google die Information, dass Sie die entsprechende Unterseite unserer Website aufgerufen haben. Dies erfolgt unabh\u00e4ngig davon, ob Google ein Nutzerkonto bereitstellt, \u00fcber das Sie eingeloggt sind, oder ob kein Nutzerkonto besteht. Wenn Sie bei Google eingeloggt sind, werden Ihre Daten direkt Ihrem Konto zugeordnet. Wenn Sie die Zuordnung mit Ihrem Profil bei Google nicht w\u00fcnschen, m\u00fcssen Sie sich vor Aktivierung des Buttons ausloggen. Google speichert Ihre Daten als Nutzungsprofile und nutzt sie f\u00fcr Zwecke der Werbung, Marktforschung und\/oder bedarfsgerechten Gestaltung seiner Website. Eine solche Auswertung erfolgt insbesondere (selbst f\u00fcr nicht eingeloggte Nutzer) zur Erbringung von bedarfsgerechter Werbung und um andere Nutzer des sozialen Netzwerks \u00fcber Ihre Aktivit\u00e4ten auf unserer Website zu informieren. Ihnen steht ein Widerspruchsrecht zu gegen die Bildung dieser Nutzerprofile, wobei Sie sich zur Aus\u00fcbung dessen an Google richten m\u00fcssen. Weitere Informationen zu Zweck und Umfang der Datenerhebung und ihrer Verarbeitung durch Google erhalten Sie neben weiteren Informationen zu Ihren diesbez\u00fcglichen Rechten und Einstellungsm\u00f6glichkeiten zum Schutze Ihrer Privatsph\u00e4re unter:&nbsp;<\/span>\r\n                      <a href=\"http:\/\/www.google.de\/intl\/de\/policies\/privacy\" target=\"_blank\" style=\"font-family: &quot;Open Sans&quot;, serif; color: rgb(69, 67, 67);\" class=\"customize-unpreviewable\" rel=\"noopener\">www.google.de\/intl\/de\/policies\/privacy<\/a><span style=\"font-family: &quot;Open Sans&quot;, serif; color: black;\">.<\/span><\/p>\r\n                    <p><span style=\"font-family: &quot;Open Sans&quot;, serif; color: black;\">&nbsp;<\/span><\/p>\r\n                    <p><strong style=\"font-size: 15pt; font-family: &quot;Open Sans&quot;, serif; color: rgb(23, 37, 42);\">Google AdWords<\/strong><\/p>\r\n                    <p><span style=\"font-family: &quot;Open Sans&quot;, serif; color: black;\">Diese Website nutzt das Google Conversion-Tracking. Sind Sie \u00fcber eine von Google geschaltete Anzeige auf unsere WebSite gelangt, wird von Google Adwords ein Cookie auf Ihrem Rechner gesetzt. Das Cookie f\u00fcr Conversion-Tracking wird gesetzt, wenn ein Nutzer auf eine von Google geschaltete Anzeige klickt. Diese Cookies verlieren nach 30 Tagen ihre G\u00fcltigkeit und dienen nicht der pers\u00f6nlichen Identifizierung. Besucht der Nutzer bestimmte Seiten unserer Website und das Cookie ist noch nicht abgelaufen, k\u00f6nnen wir und Google erkennen, dass der Nutzer auf die Anzeige geklickt hat und zu dieser Seite weitergeleitet wurde. Jeder Google AdWords-Kunde erh\u00e4lt ein anderes Cookie. Cookies k\u00f6nnen somit nicht \u00fcber die Websites von AdWords-Kunden nachverfolgt werden. Die mithilfe des Conversion-Cookies eingeholten Informationen dienen dazu, Conversion-Statistiken f\u00fcr AdWords-Kunden zu erstellen, die sich f\u00fcr Conversion-Tracking entschieden haben. Die Kunden erfahren die Gesamtanzahl der Nutzer, die auf ihre Anzeige geklickt haben und zu einer mit einem Conversion-Tracking-Tag versehenen Seite weitergeleitet wurden. Sie erhalten jedoch keine Informationen, mit denen sich Nutzer pers\u00f6nlich identifizieren lassen.<\/span><\/p>\r\n                    <p><span style=\"font-family: &quot;Open Sans&quot;, serif; color: black;\">M\u00f6chten Sie nicht am Tracking teilnehmen, k\u00f6nnen Sie das hierf\u00fcr erforderliche Setzen eines Cookies ablehnen \u2013 etwa per Browser-Einstellung, die das automatische Setzen von Cookies generell deaktiviert oder Ihren Browser so einstellen, dass Cookies von der Domain \u201egoogleleadservices.com\u201c blockiert werden.<\/span><\/p>\r\n                    <p><span style=\"font-family: &quot;Open Sans&quot;, serif; color: black;\">Bitte beachten Sie, dass Sie die Opt-out-Cookies nicht l\u00f6schen d\u00fcrfen, solange Sie keine Aufzeichnung von Messdaten w\u00fcnschen. Haben Sie alle Ihre Cookies im Browser gel\u00f6scht, m\u00fcssen Sie das jeweilige Opt-out Cookie erneut setzen.<\/span><\/p>\r\n                    <p><span style=\"font-family: &quot;Open Sans&quot;, serif; color: black;\">&nbsp;<\/span><\/p>\r\n                    <p><strong style=\"font-size: 15pt; font-family: &quot;Open Sans&quot;, serif; color: rgb(23, 37, 42);\">Datenschutzerkl\u00e4rung f\u00fcr Google Analytics<\/strong><\/p>\r\n                    <p><span style=\"font-family: &quot;Open Sans&quot;, serif; color: black;\">Diese Website benutzt Google Analytics, einen Webanalysedienst der Google Ireland Limited. Wenn der Verantwortliche f\u00fcr die Datenverarbeitung auf dieser Website ausserhalb des Europ\u00e4ischen Wirtschaftsraumes oder der Schweiz sitzt, dann erfolgt die Google Analytics Datenverarbeitung durch Google LLC. Google LLC und Google Ireland Limited werden nachfolgend \u00abGoogle\u00bb genannt.<\/span><\/p>\r\n                    <p><span style=\"font-family: &quot;Open Sans&quot;, serif; color: black;\">\u00dcber die gewonnenen Statistiken k\u00f6nnen wir unser Angebot verbessern und f\u00fcr Sie als Nutzer interessanter ausgestalten. Diese Website verwendet Google Analytics zudem f\u00fcr eine ger\u00e4te\u00fcbergreifende Analyse von Besucherstr\u00f6men, die \u00fcber eine User-ID durchgef\u00fchrt wird. Sofern Sie \u00fcber ein Google-Benutzerkonto verf\u00fcgen, k\u00f6nnen Sie in den dortigen Einstellungen unter \u00abMeine Daten\u00bb, \u00abpers\u00f6nliche Daten\u00bb die ger\u00e4te\u00fcbergreifende Analyse Ihrer Nutzung deaktivieren.<\/span><\/p>\r\n                    <p><span style=\"font-family: &quot;Open Sans&quot;, serif; color: black;\">Rechtsgrundlage f\u00fcr die Nutzung von Google Analytics ist Art. 6 Abs. 1 S. 1 lit. f DS-GVO. Die im Rahmen von Google Analytics von Ihrem Browser \u00fcbermittelte IP-Adresse wird nicht mit anderen Daten von Google zusammengef\u00fchrt. Wir weisen Sie darauf hin, dass auf dieser Website Google Analytics um den Code \u00ab_anonymizeIp();\u00bb erweitert wurde, um eine anonymisierte Erfassung von IP-Adressen zu gew\u00e4hrleisten. Dadurch werden IP-Adressen gek\u00fcrzt weiterverarbeitet, eine Personenbeziehbarkeit kann damit ausgeschlossen werden. Soweit den \u00fcber Sie erhobenen Daten ein Personenbezug zukommt, wird dieser also sofort ausgeschlossen und die personenbezogenen Daten damit umgehend gel\u00f6scht.<\/span><\/p>\r\n                    <p><span style=\"font-family: &quot;Open Sans&quot;, serif; color: black;\">Nur in Ausnahmef\u00e4llen wird die volle IP-Adresse an einen Server von Google in den USA \u00fcbertragen und dort gek\u00fcrzt. Im Auftrag des Betreibers dieser Website wird Google diese Informationen benutzen, um Ihre Nutzung der Website auszuwerten, um Reports \u00fcber die Websitenaktivit\u00e4ten zusammenzustellen und um weitere mit der Websitennutzung und der Internetnutzung verbundene Dienstleistungen gegen\u00fcber dem Websitenbetreiber zu erbringen. F\u00fcr die Ausnahmef\u00e4lle, in denen personenbezogene Daten in die USA \u00fcbertragen werden, hat sich Google dem EU-US Privacy Shield unterworfen,&nbsp;<\/span>\r\n                      <a href=\"https:\/\/www.privacyshield.gov\/EU-US-Framework\" target=\"_blank\" style=\"font-family: &quot;Open Sans&quot;, serif; color: rgb(69, 67, 67);\" class=\"customize-unpreviewable\" rel=\"noopener\">https:\/\/www.privacyshield.gov\/EU-US-Framework<\/a><span style=\"font-family: &quot;Open Sans&quot;, serif; color: black;\">.<\/span><\/p>\r\n                    <p><span style=\"font-family: &quot;Open Sans&quot;, serif; color: black;\">Google Analytics verwendet Cookies. Die durch den Cookie erzeugten Informationen \u00fcber Ihre Benutzung dieser Website werden in der Regel an einen Server von Google in den USA \u00fcbertragen und dort gespeichert. Sie k\u00f6nnen die Speicherung der Cookies durch eine entsprechende Einstellung Ihrer Browser-Software verhindern; wir weisen Sie jedoch darauf hin, dass Sie in diesem Fall gegebenenfalls nicht s\u00e4mtliche Funktionen dieser Website vollumf\u00e4nglich werden nutzen k\u00f6nnen. Sie k\u00f6nnen dar\u00fcber hinaus die Erfassung der durch das Cookie erzeugten und auf Ihre Nutzung der Website bezogenen Daten (inkl. Ihrer IP-Adresse) an Google sowie die Verarbeitung dieser Daten durch Google verhindern, indem sie das unter dem folgenden Link verf\u00fcgbare Browser-Plugin herunterladen und installieren:&nbsp;<\/span>\r\n                      <a href=\"https:\/\/www.swissanwalt.ch\/de\/gaoptout.aspx\" target=\"_blank\" style=\"font-family: &quot;Open Sans&quot;, serif; color: rgb(69, 67, 67);\" class=\"customize-unpreviewable\" rel=\"noopener\">Google Analytics deaktivieren<\/a><span style=\"font-family: &quot;Open Sans&quot;, serif; color: black;\">.<\/span><\/p>\r\n                    <p><span style=\"font-family: &quot;Open Sans&quot;, serif; color: black;\">Ausserdem k\u00f6nnen Sie die Nutzung von Google Analytics auch verhindern, indem sie auf diesen Link klicken:&nbsp;<\/span>\r\n                      <a href=\"https:\/\/tools.google.com\/dlpage\/gaoptout?hl=de\" target=\"_blank\" style=\"font-family: &quot;Open Sans&quot;, serif; color: rgb(69, 67, 67);\" class=\"customize-unpreviewable\" rel=\"noopener\">Google Analytics deaktivieren<\/a><span style=\"font-family: &quot;Open Sans&quot;, serif; color: black;\">. Hierdurch wird ein sog. opt-out Cookie auf ihrem Datentr\u00e4ger gespeichert, der die Verarbeitung personenbezogener Daten durch Google Analytics verhindert. Bitte beachten Sie, dass bei einem L\u00f6schen s\u00e4mtlicher Cookies auf Ihrem Endger\u00e4t auch diese Opt-out-Cookies gel\u00f6scht werden, d.h., dass Sie erneut die Opt-out-Cookies setzen m\u00fcssen, wenn Sie weiterhin diese Form der Datenerhebung verhindern wollen. Die Opt-out-Cookies sind pro Browser und Rechner\/Endger\u00e4t gesetzt und m\u00fcssen daher f\u00fcr jeden Browser, Rechner oder anderes Endger\u00e4t gesondert aktiviert werden.<\/span><\/p>\r\n                    <p><span style=\"font-family: &quot;Open Sans&quot;, serif; color: black;\">&nbsp;<\/span><\/p>\r\n                    <p><strong style=\"font-size: 15pt; font-family: &quot;Open Sans&quot;, serif; color: rgb(23, 37, 42);\">Datenschutzerkl\u00e4rung f\u00fcr Facebook<\/strong><\/p>\r\n                    <p><span style=\"font-family: &quot;Open Sans&quot;, serif; color: black;\">Diese Website verwendet Funktionen von Facebook Inc., 1601 S. California Ave, Palo Alto, CA 94304, USA . Bei Aufruf unserer Seiten mit Facebook-Plug-Ins wird eine Verbindung zwischen Ihrem Browser und den Servern von Facebook aufgebaut. Dabei werden bereits Daten an Facebook \u00fcbertragen. Besitzen Sie einen Facebook-Account, k\u00f6nnen diese Daten damit verkn\u00fcpft werden. Wenn Sie keine Zuordnung dieser Daten zu Ihrem Facebook-Account w\u00fcnschen, loggen Sie sich bitte vor dem Besuch unserer Seite bei Facebook aus. Interaktionen, insbesondere das Nutzen einer Kommentarfunktion oder das Anklicken eines \u201eLike\u201c- oder \u201eTeilen\u201c-Buttons werden ebenfalls an Facebook weitergegeben. Mehr erfahren Sie unter&nbsp;<\/span>\r\n                      <a href=\"https:\/\/de-de.facebook.com\/about\/privacy\" target=\"_blank\" style=\"font-family: &quot;Open Sans&quot;, serif; color: blue;\" class=\"customize-unpreviewable\" rel=\"noopener\">https:\/\/de-de.facebook.com\/about\/privacy<\/a><span style=\"font-family: &quot;Open Sans&quot;, serif; color: black;\">.<\/span><\/p>\r\n                    <p><span style=\"font-family: &quot;Open Sans&quot;, serif; color: black;\">&nbsp;<\/span><\/p>\r\n                    <p><strong style=\"font-size: 15pt; font-family: &quot;Open Sans&quot;, serif; color: rgb(23, 37, 42);\">Datenschutzerkl\u00e4rung f\u00fcr Twitter<\/strong><\/p>\r\n                    <p><span style=\"font-family: &quot;Open Sans&quot;, serif; color: black;\">Diese Website verwendet Funktionen von Twitter, Inc., 1355 Market St, Suite 900, San Francisco, CA 94103, USA. Bei Aufruf unserer Seiten mit Twitter-Plug-Ins wird eine Verbindung zwischen Ihrem Browser und den Servern von Twitter aufgebaut. Dabei werden bereits Daten an Twitter \u00fcbertragen. Besitzen Sie einen Twitter-Account, k\u00f6nnen diese Daten damit verkn\u00fcpft werden. Wenn Sie keine Zuordnung dieser Daten zu Ihrem Twitter-Account w\u00fcnschen, loggen Sie sich bitte vor dem Besuch unserer Seite bei Twitter aus. Interaktionen, insbesondere das Anklicken eines \u201eRe-Tweet\u201c-Buttons werden ebenfalls an Twitter weitergegeben. Mehr erfahren Sie unter&nbsp;<\/span>\r\n                      <a href=\"https:\/\/twitter.com\/privacy\" target=\"_blank\" style=\"font-family: &quot;Open Sans&quot;, serif; color: blue;\" class=\"customize-unpreviewable\" rel=\"noopener\">https:\/\/twitter.com\/privacy<\/a><span style=\"font-family: &quot;Open Sans&quot;, serif; color: black;\">.<\/span><\/p>\r\n                    <p><span style=\"font-family: &quot;Open Sans&quot;, serif; color: black;\">&nbsp;<\/span><\/p>\r\n                    <p><strong style=\"font-size: 15pt; font-family: &quot;Open Sans&quot;, serif; color: rgb(23, 37, 42);\">Datenschutzerkl\u00e4rung f\u00fcr Instagram<\/strong><\/p>\r\n                    <p><span style=\"font-family: &quot;Open Sans&quot;, serif; color: black;\">Auf unserer Website sind Funktionen des Dienstes Instagram eingebunden. Diese Funktionen werden angeboten durch die Instagram Inc., 1601 Willow Road, Menlo Park, CA, 94025, USA integriert. Wenn Sie in Ihrem Instagram-Account eingeloggt sind k\u00f6nnen Sie durch Anklicken des Instagram-Buttons die Inhalte unserer Seiten mit Ihrem Instagram-Profil verlinken. Dadurch kann Instagram den Besuch unserer Seiten Ihrem Benutzerkonto zuordnen. Wir weisen darauf hin, dass wir als Anbieter der Seiten keine Kenntnis vom Inhalt der \u00fcbermittelten Daten sowie deren Nutzung durch Instagram erhalten.<\/span><\/p>\r\n                    <p><span style=\"font-family: &quot;Open Sans&quot;, serif; color: black;\">Weitere Informationen hierzu finden Sie in der Datenschutzerkl\u00e4rung von Instagram:&nbsp;<\/span>\r\n                      <a href=\"https:\/\/instagram.com\/about\/legal\/privacy\" target=\"_blank\" class=\"customize-unpreviewable\" style=\"font-family: &quot;Open Sans&quot;, serif; color: blue;\" rel=\"noopener\">http:\/\/instagram.com\/about\/legal\/privacy\/<\/a>\r\n                    <\/p>\r\n                    <p><span style=\"font-family: &quot;Open Sans&quot;, serif; color: black;\">&nbsp;<\/span><\/p>\r\n                    <p><strong style=\"font-size: 15pt; font-family: &quot;Open Sans&quot;, serif; color: rgb(23, 37, 42);\">Datenschutzerkl\u00e4rung f\u00fcr LinkedIn<\/strong><\/p>\r\n                    <p><span style=\"font-family: &quot;Open Sans&quot;, serif; color: black;\">Diese Website nutzt Funktionen des Netzwerks LinkedIn. Anbieter ist die LinkedIn Corporation, 2029 Stierlin Court, Mountain View, CA 94043, USA. Bei jedem Abruf einer unserer Seiten, die Funktionen von LinkedIn enth\u00e4lt, wird eine Verbindung zu Servern von LinkedIn aufbaut. LinkedIn wird dar\u00fcber informiert, dass Sie unsere Internetseiten mit Ihrer IP-Adresse besucht haben. Wenn Sie den &#8222;Recommend-Button&#8220; von LinkedIn anklicken und in Ihrem Account bei LinkedIn eingeloggt sind, ist es LinkedIn m\u00f6glich, Ihren Besuch auf unserer Internetseite Ihnen und Ihrem Benutzerkonto zuzuordnen. Wir weisen darauf hin, dass wir als Anbieter der Seiten keine Kenntnis vom Inhalt der \u00fcbermittelten Daten sowie deren Nutzung durch LinkedIn haben.<\/span><\/p>\r\n                    <p><span style=\"font-family: &quot;Open Sans&quot;, serif; color: black;\">Weitere Informationen hierzu finden Sie in der Datenschutzerkl\u00e4rung von LinkedIn unter:&nbsp;<\/span>\r\n                      <a href=\"https:\/\/www.linkedin.com\/legal\/privacy-policy\" target=\"_blank\" class=\"customize-unpreviewable\" style=\"font-family: &quot;Open Sans&quot;, serif; color: blue;\" rel=\"noopener\">https:\/\/www.linkedin.com\/legal\/privacy-policy<\/a>\r\n                    <\/p>\r\n                    <p><span style=\"font-family: &quot;Open Sans&quot;, serif; color: black;\">&nbsp;<\/span><\/p>\r\n                    <p><strong style=\"font-size: 15pt; font-family: &quot;Open Sans&quot;, serif; color: rgb(23, 37, 42);\">Formular-Service Wufoo<\/strong><\/p>\r\n                    <p><span style=\"font-family: &quot;Open Sans&quot;, serif; color: black;\">Wir nutzen den Formular-Service Wufoo. Dadurch werden die von Ihnen in ein Kontaktformular eingegebenen Inhalte verarbeitet und gespeichert. Zu den Inhalten k\u00f6nnen, abh\u00e4ngig von dem jeweiligen Kontaktformular, Folgende geh\u00f6ren: Unternehmen, Name, E-Mail-Adresse, Telefonnummer, bevorzugter Lieferant, Rechnungsnummer, Kreditkartendetails, usw. Die Inhalte werden erst verarbeitet und gespeichert, wenn Sie ein Formular absenden. Hier finden Sie n\u00e4here Informationen zu der Datenschutzerkl\u00e4rung von Wufoo:&nbsp;<\/span>\r\n                      <a href=\"https:\/\/www.wufoo.com\/privacy\" target=\"_blank\" class=\"customize-unpreviewable\" style=\"font-family: &quot;Open Sans&quot;, serif; color: rgb(69, 67, 67);\" rel=\"noopener\">wufoo.com\/privacy\/<\/a>\r\n                    <\/p>\r\n                    <p><strong style=\"font-size: 15pt; font-family: &quot;Open Sans&quot;, serif; color: rgb(23, 37, 42);\">&nbsp;Verwendung von Adobe Fonts<\/strong><\/p>\r\n                    <p><span style=\"font-family: &quot;Open Sans&quot;, serif; color: black;\">Wir setzen Adobe Fonts zur visuellen Gestaltung unserer Website ein. Adobe Fonts ist ein Dienst der Adobe Systems Incorporated, 345 Park Avenue, San Jose, CA 95110-2704, USA (Adobe), der uns den Zugriff auf eine Schriftartenbibliothek gew\u00e4hrt. Zur Einbindung der von uns benutzten Schriftarten, muss Ihr Browser eine Verbindung zu einem Server von Adobe in den USA aufbauen und die f\u00fcr unsere Website ben\u00f6tigte Schriftart herunterladen. Adobe erh\u00e4lt hierdurch die Information, dass von Ihrer IP-Adresse unsere Website aufgerufen wurde. Weitere Informationen zu Adobe Fonts, finden Sie in den Datenschutzhinweisen von Adobe, die Sie hier abrufen k\u00f6nnen:&nbsp;<\/span>\r\n                      <a href=\"https:\/\/www.adobe.com\/de\/privacy\/policies\/adobe-fonts.html\" target=\"_blank\" class=\"customize-unpreviewable\" style=\"font-family: &quot;Open Sans&quot;, serif; color: rgb(69, 67, 67);\" rel=\"noopener\">Adobe Fonts<\/a>\r\n                    <\/p>\r\n                    <p><strong style=\"font-size: 15pt; font-family: &quot;Open Sans&quot;, serif; color: rgb(23, 37, 42);\">Nutzung von Fonts.com<\/strong><\/p>\r\n                    <p><strong style=\"font-size: 15pt; font-family: &quot;Open Sans&quot;, serif; color: rgb(23, 37, 42);\">&nbsp;<\/strong><\/p>\r\n                    <p><span style=\"font-family: &quot;Open Sans&quot;, serif; color: black;\">Diese Website nutzt Fonts.com, ein von Monotype Imaging Holdings Inc. bereitgestellter Service zur Visualisierung von Schriftarten, mit dem diese Website entsprechende Inhalte auf ihren Seiten einbinden kann. Erhobene personenbezogene Daten: Nutzungsdaten und verschiedene Datenarten, wie in der Datenschutzerkl\u00e4rung des Dienstes beschrieben. Verarbeitungsort: Vereinigte Staaten von Amerika (USA);&nbsp;<\/span>\r\n                      <a href=\"http:\/\/www.monotype.com\/legal\/privacy-policy\" target=\"_blank\" class=\"customize-unpreviewable\" style=\"font-family: &quot;Open Sans&quot;, serif; color: rgb(69, 67, 67);\" rel=\"noopener\">Datenschutzerkl\u00e4rung<\/a>\r\n                    <\/p>\r\n                    <p><span style=\"font-family: &quot;Open Sans&quot;, serif; color: black;\">&nbsp;<\/span><\/p>\r\n                    <p><strong style=\"font-size: 15pt; font-family: &quot;Open Sans&quot;, serif; color: rgb(23, 37, 42);\">Audio- und Video-Konferenzen<\/strong><\/p>\r\n                    <p><span style=\"font-family: &quot;Open Sans&quot;, serif; color: black;\">Wir verwenden Dienste f\u00fcr Audio- und Video-Konferenzen, um mit unseren Nutzern sowie sonstigen Personen kommunizieren zu k\u00f6nnen. Wir k\u00f6nnen damit insbesondere Audio- und Video-Konferenzen, virtuelle Besprechungen sowie Schulungen wie beispielsweise Webinare durchf\u00fchren.<\/span><\/p>\r\n                    <p><span style=\"font-family: &quot;Open Sans&quot;, serif; color: black;\">Wir verwenden nur Dienste, bei denen ein angemessener Datenschutz gew\u00e4hrleistet ist. Es gelten erg\u00e4nzend zu dieser Datenschutzerkl\u00e4rung jeweils auch allf\u00e4llige Bedingungen der verwendeten Dienste wie beispielsweise Nutzungsbedingungen oder Datenschutzerkl\u00e4rungen.<\/span><\/p>\r\n                    <p><span style=\"font-family: &quot;Open Sans&quot;, serif; color: black;\">Wir verwenden insbesondere&nbsp;<\/span><strong style=\"font-family: &quot;Open Sans&quot;, serif; color: black;\">Zoom<\/strong><span style=\"font-family: &quot;Open Sans&quot;, serif; color: black;\">, einen Dienst der amerikanischen Zoom Video Communications Inc. Die Rechte gem\u00e4ss der europ\u00e4ischen Datenschutz-Grundverordnung (DSGVO) gew\u00e4hrt Zoom auch gegen\u00fcber Nutzerinnen und Nutzern in der Schweiz. Weitere Angaben \u00fcber Art, Umfang und Zweck der Datenbearbeitung finden sich in den&nbsp;<\/span>\r\n                      <a href=\"https:\/\/zoom.us\/de-de\/privacy.html\" target=\"_blank\" style=\"font-family: &quot;Open Sans&quot;, serif; color: rgb(69, 67, 67);\" class=\"customize-unpreviewable\" rel=\"noopener\">Datenschutzrichtlinien<\/a><span style=\"font-family: &quot;Open Sans&quot;, serif; color: black;\">&nbsp;sowie auf der&nbsp;<\/span>\r\n                        <a href=\"https:\/\/zoom.us\/docs\/de-de\/privacy-and-legal.html\" target=\"_blank\" style=\"font-family: &quot;Open Sans&quot;, serif; color: rgb(69, 67, 67);\" class=\"customize-unpreviewable\" rel=\"noopener\">Seite \u00abRechtliche Bestimmungen und Datenschutz\u00bb<\/a><span style=\"font-family: &quot;Open Sans&quot;, serif; color: black;\">&nbsp;jeweils von Zoom.<\/span><\/p>\r\n                    <p><span style=\"font-family: &quot;Open Sans&quot;, serif; color: black;\">&nbsp;<\/span><\/p>\r\n                    <p><strong style=\"font-size: 15pt; font-family: &quot;Open Sans&quot;, serif; color: rgb(23, 37, 42);\">Datenschutzerkl\u00e4rung f\u00fcr YouTube<\/strong><\/p>\r\n                    <p><span style=\"font-family: &quot;Open Sans&quot;, serif; color: black;\">Auf dieser Website sind Funktionen des Dienstes \u00abYouTube\u00bb eingebunden. \u00abYouTube\u00bb geh\u00f6rt der Google Ireland Limited, einer nach irischem Recht eingetragenen und betriebenen Gesellschaft mit Sitz in Gordon House, Barrow Street, Dublin 4, Irland, welche die Dienste im Europ\u00e4ischen Wirtschaftsraum und der Schweiz betreibt.<\/span><\/p>\r\n                    <p><span style=\"font-family: &quot;Open Sans&quot;, serif; color: black;\">Ihre rechtliche Vereinbarung mit \u00abYouTube\u00bb besteht aus den unter folgendem Link zu entnehmenden Bestimmungen und Bedingungen:&nbsp;<\/span>\r\n                      <a href=\"https:\/\/www.youtube.com\/static?gl=DE&amp;template=terms&amp;hl=de\" target=\"_blank\" style=\"font-family: &quot;Open Sans&quot;, serif; color: rgb(69, 67, 67);\" class=\"customize-unpreviewable\" rel=\"noopener\">https:\/\/www.youtube.com\/static?gl=de&amp;template=terms&amp;hl=de<\/a><span style=\"font-family: &quot;Open Sans&quot;, serif; color: black;\">. Diese Bestimmungen bilden eine rechtlich bindende Vereinbarung zwischen Ihnen und \u00abYouTube\u00bb bez\u00fcglich der Nutzung der Dienste. In der Datenschutzerkl\u00e4rung von Google wird erl\u00e4utert, wie \u00abYouTube\u00bb mit Ihren personenbezogenen Daten verf\u00e4hrt und Ihre Daten sch\u00fctzt, wenn Sie den Dienst nutzen.<\/span><\/p>\r\n                    <p><span style=\"font-family: &quot;Open Sans&quot;, serif; color: black;\">&nbsp;<\/span><\/p>\r\n                    <p><strong style=\"font-size: 15pt; font-family: &quot;Open Sans&quot;, serif; color: rgb(23, 37, 42);\">Datenschutzerkl\u00e4rung f\u00fcr Vimeo<\/strong><\/p>\r\n                    <p><span style=\"font-family: &quot;Open Sans&quot;, serif; color: black;\">Auf dieser Website sind Plugins des Videoportals Vimeo der Vimeo, LLC, 555 West 18th Street, New York, New York 10011, USA eingebunden. Bei jedem Aufruf einer Seite, die ein oder mehrere Vimeo-Videoclips anbietet, wird eine direkte Verbindung zwischen Ihrem Browser und einem Server von Vimeo in den USA hergestellt. Dabei werden Informationen \u00fcber Ihren Besuch und Ihre IP-Adresse dort gespeichert. Durch Interaktionen mit den Vimeo Plugins (z.B. Klicken des Start-Buttons) werden diese Informationen ebenfalls an Vimeo \u00fcbermittelt und dort gespeichert. Die Datenschutzerkl\u00e4rung f\u00fcr Vimeo mit n\u00e4heren Informationen zur Erhebung und Nutzung Ihrer Daten durch Vimeo finden Sie in der&nbsp;<\/span>\r\n                      <a\r\n                        href=\"http:\/\/vimeo.com\/privacy\" style=\"font-family: &quot;Open Sans&quot;, serif; color: rgb(69, 67, 67);\" class=\"customize-unpreviewable\">Datenschutzerkl\u00e4rung von Vimeo<\/a><span style=\"font-family: &quot;Open Sans&quot;, serif; color: black;\">.<\/span><\/p>\r\n                    <p><span style=\"font-family: &quot;Open Sans&quot;, serif; color: black;\">Wenn Sie ein Vimeo-Benutzerkonto haben und nicht m\u00f6chten, dass Vimeo \u00fcber diese Website Daten \u00fcber Sie sammelt und mit Ihren bei Vimeo gespeicherten Mitgliedsdaten verkn\u00fcpft, m\u00fcssen Sie sich vor Ihrem Besuch dieser Website bei Vimeo ausloggen.<\/span><\/p>\r\n                    <p><span style=\"font-family: &quot;Open Sans&quot;, serif; color: black;\">Ausserdem ruft Vimeo \u00fcber einen iFrame, in dem das Video aufgerufen wird, den Tracker Google Analytics auf. Dabei handelt es sich um ein eigenes Tracking von Vimeo, auf das wir keinen Zugriff haben. Sie k\u00f6nnen das Tracking durch Google Analytics unterbinden, indem Sie die Deaktivierungs-Tools einsetzen, die Google f\u00fcr einige Internet-Browser anbietet. Sie k\u00f6nnen dar\u00fcber hinaus die Erfassung der durch Google Analytics erzeugten und auf ihre Nutzung der Website bezogenen Daten (inkl. Ihrer IP-Adresse) an Google sowie die Verarbeitung dieser Daten durch Google verhindern, indem Sie das unter dem folgenden Link verf\u00fcgbare Browser-Plugin herunterladen und installieren:&nbsp;<\/span>\r\n                      <a href=\"https:\/\/tools.google.com\/dlpage\/gaoptout?hl=de\" target=\"_blank\" class=\"customize-unpreviewable\" style=\"font-family: &quot;Open Sans&quot;, serif; color: rgb(69, 67, 67);\" rel=\"noopener\">https:\/\/tools.google.com\/dlpage\/gaoptout?hl=de<\/a>\r\n                    <\/p>\r\n                    <p><span style=\"font-family: &quot;Open Sans&quot;, serif; color: black;\">&nbsp;<\/span><\/p>\r\n                    <p><strong style=\"font-size: 15pt; font-family: &quot;Open Sans&quot;, serif; color: rgb(23, 37, 42);\">Hinweis zur Datenweitergabe in die USA<\/strong><\/p>\r\n                    <p><span style=\"font-family: &quot;Open Sans&quot;, serif; color: black;\">Auf unserer Website sind unter anderem Tools von Unternehmen mit Sitz in den USA eingebunden. Wenn diese Tools aktiv sind, k\u00f6nnen Ihre personenbezogenen Daten an die US-Server der jeweiligen Unternehmen weitergegeben werden. Wir weisen darauf hin, dass die USA kein sicherer Drittstaat im Sinne des EU-Datenschutzrechts sind. US-Unternehmen sind dazu verpflichtet, personenbezogene Daten an Sicherheitsbeh\u00f6rden herauszugeben, ohne dass Sie als Betroffener hiergegen gerichtlich vorgehen k\u00f6nnten. Es kann daher nicht ausgeschlossen werden, dass US-Beh\u00f6rden (z.B. Geheimdienste) Ihre auf US-Servern befindlichen Daten zu \u00fcberwachungszwecken verarbeiten, auswerten und dauerhaft speichern. Wir haben auf diese Verarbeitungst\u00e4tigkeiten keinen Einfluss.<\/span><\/p>\r\n                    <p><span style=\"font-family: &quot;Open Sans&quot;, serif; color: black;\">&nbsp;<\/span><\/p>\r\n                    <p><strong style=\"font-size: 15pt; font-family: &quot;Open Sans&quot;, serif; color: rgb(23, 37, 42);\">Urheberrechte<\/strong><\/p>\r\n                    <p><span style=\"font-family: &quot;Open Sans&quot;, serif; color: black;\">Die Urheber- und alle anderen Rechte an Inhalten, Bildern, Fotos oder anderen Dateien auf der Website, geh\u00f6ren ausschliesslich dem Betreiber dieser Website oder den speziell genannten Rechteinhabern. Fu\u0308r die Reproduktion von s\u00e4mtlichen Dateien, ist die schriftliche Zustimmung des Urheberrechtstr\u00e4gers im Voraus einzuholen.<\/span><\/p>\r\n                    <p>\r\n                      <br>\r\n                    <\/p>\r\n                    <p>\r\n                      <br>\r\n                    <\/p>\r\n                    <p><span style=\"font-family: &quot;Open Sans&quot;, serif; color: black;\">Wer ohne Einwilligung des jeweiligen Rechteinhabers eine Urheberrechtsverletzung begeht, kann sich strafbar und allenfalls schadenersatzpflichtig machen.<\/span><\/p>\r\n                    <p><span style=\"font-family: &quot;Open Sans&quot;, serif; color: black;\">&nbsp;<\/span><\/p>\r\n                    <p><span style=\"font-family: &quot;Open Sans&quot;, serif; color: black;\">&nbsp;<\/span><\/p>\r\n                    <p><span style=\"font-family: &quot;Open Sans&quot;, serif; color: black;\">&nbsp;<\/span><\/p>\r\n                    <p><strong style=\"font-size: 15pt; font-family: &quot;Open Sans&quot;, serif; color: rgb(23, 37, 42);\">Allgemeiner Haftungsausschluss<\/strong><\/p>\r\n                    <p><span style=\"font-family: &quot;Open Sans&quot;, serif; color: black;\">Alle Angaben unseres Internetangebotes wurden sorgf\u00e4ltig gepr\u00fcft. Wir bem\u00fchen uns, unser Informationsangebot aktuell, inhaltlich richtig und vollst\u00e4ndig anzubieten. Trotzdem kann das Auftreten von Fehlern nicht v\u00f6llig ausgeschlossen werden, womit wir keine Garantie f\u00fcr Vollst\u00e4ndigkeit, Richtigkeit und Aktualit\u00e4t von Informationen auch journalistisch-redaktioneller Art \u00fcbernehmen k\u00f6nnen. Haftungsanspr\u00fcche aus Sch\u00e4den materieller oder ideeller Art, die durch die Nutzung der angebotenen Informationen verursacht wurden, sind ausgeschlossen, sofern kein nachweislich vors\u00e4tzliches oder grob fahrl\u00e4ssiges Verschulden vorliegt.<\/span><\/p>\r\n                    <p><span style=\"font-family: &quot;Open Sans&quot;, serif; color: black;\">Der Herausgeber kann nach eigenem Ermessen und ohne Ank\u00fcndigung Texte ver\u00e4ndern oder l\u00f6schen und ist nicht verpflichtet, Inhalte dieser Website zu aktualisieren. Die Benutzung bzw. der Zugang zu dieser Website geschieht auf eigene Gefahr des Besuchers. Der Herausgeber, seine Auftraggeber oder Partner sind nicht verantwortlich f\u00fcr Sch\u00e4den, wie direkte, indirekte, zuf\u00e4llige, vorab konkret zu bestimmende oder Folgesch\u00e4den, die angeblich durch den Besuch dieser Website entstanden sind und \u00fcbernehmen hierf\u00fcr folglich keine Haftung.<\/span><\/p>\r\n                    <p><span style=\"font-family: &quot;Open Sans&quot;, serif; color: black;\">Der Herausgeber \u00fcbernimmt ebenfalls keine Verantwortung und Haftung f\u00fcr die Inhalte und die Verf\u00fcgbarkeit von Website Dritter, die \u00fcber externe Links dieser Website erreichbar sind. F\u00fcr den Inhalt der verlinkten Seiten sind ausschliesslich deren Betreiber verantwortlich. Der Herausgeber distanziert sich damit ausdr\u00fccklich von allen Inhalten Dritter, die m\u00f6glicherweise straf- oder haftungsrechtlich relevant sind oder gegen die guten Sitten verstossen.<\/span><\/p>\r\n                    <p><span style=\"font-family: &quot;Open Sans&quot;, serif; color: black;\">&nbsp;<\/span><\/p>\r\n                    <p><strong style=\"font-size: 15pt; font-family: &quot;Open Sans&quot;, serif; color: rgb(23, 37, 42);\">\u00c4nderungen<\/strong><\/p>\r\n                    <p><span style=\"font-family: &quot;Open Sans&quot;, serif; color: black;\">Wir k\u00f6nnen diese Datenschutzerkl\u00e4rung jederzeit ohne Vorank\u00fcndigung anpassen. Es gilt die jeweils aktuelle, auf unserer Website publizierte Fassung. Soweit die Datenschutzerkl\u00e4rung Teil einer Vereinbarung mit Ihnen ist, werden wir Sie im Falle einer Aktualisierung \u00fcber die \u00c4nderung per E-Mail oder auf andere geeignete Weise informieren.<\/span><\/p>\r\n                    <p><span style=\"font-family: &quot;Open Sans&quot;, serif; color: black;\">&nbsp;<\/span><\/p>\r\n                    <p><strong style=\"font-size: 15pt; font-family: &quot;Open Sans&quot;, serif; color: rgb(23, 37, 42);\">Fragen an den Datenschutzbeauftragten<\/strong><\/p>\r\n                    <p><span style=\"font-family: &quot;Open Sans&quot;, serif; color: black;\">Wenn Sie Fragen zum Datenschutz haben, schreiben Sie uns bitte eine E-Mail oder wenden Sie sich direkt an die f\u00fcr den Datenschutz zu Beginn der Datenschutzerkl\u00e4rung aufgef\u00fchrten, verantwortlichen Person in unserer Organisation.<\/span><\/p>\r\n                    <p><span style=\"font-family: &quot;Open Sans&quot;, serif; color: black;\">&nbsp;<\/span><\/p>\r\n                    <p><span style=\"font-family: &quot;Open Sans&quot;, serif; color: black;\">Rapperswil, 22.11.2020 Quelle:&nbsp;<\/span>\r\n                      <a href=\"https:\/\/www.swissanwalt.ch\" target=\"_blank\" class=\"customize-unpreviewable\" style=\"font-family: &quot;Open Sans&quot;, serif; color: rgb(69, 67, 67);\" rel=\"noopener\">SwissAnwalt<\/a>\r\n                    <\/p>\r\n                    <p><span style=\"font-family: &quot;Open Sans&quot;, serif; color: black;\">&nbsp;<\/span><\/p>\r\n                    <p>&nbsp;<\/p>\r\n                  <\/div>\r\n                <\/div>\r\n              <\/div>\r\n            <\/div>\r\n          <\/div>\r\n        <\/div>\r\n      <\/div>\r\n    <\/div>\r\n  <\/div>\r\n<\/div>","protected":false},"excerpt":{"rendered":"<p>Datenschutzerkl\u00e4rung Verantwortliche Stelle im Sinne der Datenschutzgesetze, insbesondere der EU-Datenschutzgrundverordnung (DSGVO), ist: Sysion, Daniel Keller, Wiesenstrasse 12, 8640 Rapperswil, Telefon: 0796914803,&nbsp;E-Mail: daniel@sysion.ch, WebSite: http:\/\/www.sysion.ch\/ Allgemeiner Hinweis Gest\u00fctzt auf Artikel 13 der schweizerischen Bundesverfassung und den datenschutzrechtlichen Bestimmungen des Bundes (Datenschutzgesetz, DSG) hat jede Person Anspruch auf Schutz ihrer Privatsph\u00e4re sowie auf Schutz vor Missbrauch ihrer [&hellip;]<\/p>\n","protected":false},"author":1,"featured_media":0,"parent":0,"menu_order":0,"comment_status":"closed","ping_status":"closed","template":"page-templates\/full-width-page.php","meta":{"footnotes":""},"class_list":["post-397","page","type-page","status-publish","hentry"],"yoast_head":"<!-- This site is optimized with the Yoast SEO plugin v27.4 - https:\/\/yoast.com\/product\/yoast-seo-wordpress\/ -->\n<title>Datenschutz - sysion<\/title>\n<meta name=\"description\" content=\"Die Datenschutzerkl\u00e4rung der Firma Sysion GmbH.\" \/>\n<meta name=\"robots\" content=\"index, follow, max-snippet:-1, max-image-preview:large, max-video-preview:-1\" \/>\n<link rel=\"canonical\" href=\"https:\/\/sysion.ch\/index\/datenschutz\/\" \/>\n<meta property=\"og:locale\" content=\"de_DE\" \/>\n<meta property=\"og:type\" content=\"article\" \/>\n<meta property=\"og:title\" content=\"Datenschutz - sysion\" \/>\n<meta property=\"og:description\" content=\"Die Datenschutzerkl\u00e4rung der Firma Sysion GmbH.\" \/>\n<meta property=\"og:url\" content=\"https:\/\/sysion.ch\/index\/datenschutz\/\" \/>\n<meta property=\"og:site_name\" content=\"sysion\" \/>\n<meta property=\"article:modified_time\" content=\"2026-01-05T10:18:52+00:00\" \/>\n<meta name=\"twitter:card\" content=\"summary_large_image\" \/>\n<meta name=\"twitter:label1\" content=\"Gesch\u00e4tzte Lesezeit\" \/>\n\t<meta name=\"twitter:data1\" content=\"27\u00a0Minuten\" \/>\n<script type=\"application\/ld+json\" class=\"yoast-schema-graph\">{\"@context\":\"https:\\\/\\\/schema.org\",\"@graph\":[{\"@type\":\"WebPage\",\"@id\":\"https:\\\/\\\/sysion.ch\\\/index\\\/datenschutz\\\/\",\"url\":\"https:\\\/\\\/sysion.ch\\\/index\\\/datenschutz\\\/\",\"name\":\"Datenschutz - sysion\",\"isPartOf\":{\"@id\":\"https:\\\/\\\/sysion.ch\\\/index\\\/#website\"},\"datePublished\":\"2021-01-06T20:26:46+00:00\",\"dateModified\":\"2026-01-05T10:18:52+00:00\",\"description\":\"Die Datenschutzerkl\u00e4rung der Firma Sysion GmbH.\",\"breadcrumb\":{\"@id\":\"https:\\\/\\\/sysion.ch\\\/index\\\/datenschutz\\\/#breadcrumb\"},\"inLanguage\":\"de\",\"potentialAction\":[{\"@type\":\"ReadAction\",\"target\":[\"https:\\\/\\\/sysion.ch\\\/index\\\/datenschutz\\\/\"]}]},{\"@type\":\"BreadcrumbList\",\"@id\":\"https:\\\/\\\/sysion.ch\\\/index\\\/datenschutz\\\/#breadcrumb\",\"itemListElement\":[{\"@type\":\"ListItem\",\"position\":1,\"name\":\"Startseite\",\"item\":\"https:\\\/\\\/sysion.ch\\\/index\\\/\"},{\"@type\":\"ListItem\",\"position\":2,\"name\":\"Datenschutz\"}]},{\"@type\":\"WebSite\",\"@id\":\"https:\\\/\\\/sysion.ch\\\/index\\\/#website\",\"url\":\"https:\\\/\\\/sysion.ch\\\/index\\\/\",\"name\":\"sysion\",\"description\":\"Let&#039;s go\",\"publisher\":{\"@id\":\"https:\\\/\\\/sysion.ch\\\/index\\\/#organization\"},\"potentialAction\":[{\"@type\":\"SearchAction\",\"target\":{\"@type\":\"EntryPoint\",\"urlTemplate\":\"https:\\\/\\\/sysion.ch\\\/index\\\/?s={search_term_string}\"},\"query-input\":{\"@type\":\"PropertyValueSpecification\",\"valueRequired\":true,\"valueName\":\"search_term_string\"}}],\"inLanguage\":\"de\"},{\"@type\":\"Organization\",\"@id\":\"https:\\\/\\\/sysion.ch\\\/index\\\/#organization\",\"name\":\"Sysion\",\"url\":\"https:\\\/\\\/sysion.ch\\\/index\\\/\",\"logo\":{\"@type\":\"ImageObject\",\"inLanguage\":\"de\",\"@id\":\"https:\\\/\\\/sysion.ch\\\/index\\\/#\\\/schema\\\/logo\\\/image\\\/\",\"url\":\"https:\\\/\\\/sysion.ch\\\/index\\\/wp-content\\\/uploads\\\/2020\\\/12\\\/cropped-Logo_512.png\",\"contentUrl\":\"https:\\\/\\\/sysion.ch\\\/index\\\/wp-content\\\/uploads\\\/2020\\\/12\\\/cropped-Logo_512.png\",\"width\":512,\"height\":512,\"caption\":\"Sysion\"},\"image\":{\"@id\":\"https:\\\/\\\/sysion.ch\\\/index\\\/#\\\/schema\\\/logo\\\/image\\\/\"},\"sameAs\":[\"https:\\\/\\\/www.linkedin.com\\\/company\\\/sysion\\\/\"]}]}<\/script>\n<!-- \/ Yoast SEO plugin. -->","yoast_head_json":{"title":"Datenschutz - sysion","description":"Die Datenschutzerkl\u00e4rung der Firma Sysion GmbH.","robots":{"index":"index","follow":"follow","max-snippet":"max-snippet:-1","max-image-preview":"max-image-preview:large","max-video-preview":"max-video-preview:-1"},"canonical":"https:\/\/sysion.ch\/index\/datenschutz\/","og_locale":"de_DE","og_type":"article","og_title":"Datenschutz - sysion","og_description":"Die Datenschutzerkl\u00e4rung der Firma Sysion GmbH.","og_url":"https:\/\/sysion.ch\/index\/datenschutz\/","og_site_name":"sysion","article_modified_time":"2026-01-05T10:18:52+00:00","twitter_card":"summary_large_image","twitter_misc":{"Gesch\u00e4tzte Lesezeit":"27\u00a0Minuten"},"schema":{"@context":"https:\/\/schema.org","@graph":[{"@type":"WebPage","@id":"https:\/\/sysion.ch\/index\/datenschutz\/","url":"https:\/\/sysion.ch\/index\/datenschutz\/","name":"Datenschutz - sysion","isPartOf":{"@id":"https:\/\/sysion.ch\/index\/#website"},"datePublished":"2021-01-06T20:26:46+00:00","dateModified":"2026-01-05T10:18:52+00:00","description":"Die Datenschutzerkl\u00e4rung der Firma Sysion GmbH.","breadcrumb":{"@id":"https:\/\/sysion.ch\/index\/datenschutz\/#breadcrumb"},"inLanguage":"de","potentialAction":[{"@type":"ReadAction","target":["https:\/\/sysion.ch\/index\/datenschutz\/"]}]},{"@type":"BreadcrumbList","@id":"https:\/\/sysion.ch\/index\/datenschutz\/#breadcrumb","itemListElement":[{"@type":"ListItem","position":1,"name":"Startseite","item":"https:\/\/sysion.ch\/index\/"},{"@type":"ListItem","position":2,"name":"Datenschutz"}]},{"@type":"WebSite","@id":"https:\/\/sysion.ch\/index\/#website","url":"https:\/\/sysion.ch\/index\/","name":"sysion","description":"Let&#039;s go","publisher":{"@id":"https:\/\/sysion.ch\/index\/#organization"},"potentialAction":[{"@type":"SearchAction","target":{"@type":"EntryPoint","urlTemplate":"https:\/\/sysion.ch\/index\/?s={search_term_string}"},"query-input":{"@type":"PropertyValueSpecification","valueRequired":true,"valueName":"search_term_string"}}],"inLanguage":"de"},{"@type":"Organization","@id":"https:\/\/sysion.ch\/index\/#organization","name":"Sysion","url":"https:\/\/sysion.ch\/index\/","logo":{"@type":"ImageObject","inLanguage":"de","@id":"https:\/\/sysion.ch\/index\/#\/schema\/logo\/image\/","url":"https:\/\/sysion.ch\/index\/wp-content\/uploads\/2020\/12\/cropped-Logo_512.png","contentUrl":"https:\/\/sysion.ch\/index\/wp-content\/uploads\/2020\/12\/cropped-Logo_512.png","width":512,"height":512,"caption":"Sysion"},"image":{"@id":"https:\/\/sysion.ch\/index\/#\/schema\/logo\/image\/"},"sameAs":["https:\/\/www.linkedin.com\/company\/sysion\/"]}]}},"_links":{"self":[{"href":"https:\/\/sysion.ch\/index\/wp-json\/wp\/v2\/pages\/397","targetHints":{"allow":["GET"]}}],"collection":[{"href":"https:\/\/sysion.ch\/index\/wp-json\/wp\/v2\/pages"}],"about":[{"href":"https:\/\/sysion.ch\/index\/wp-json\/wp\/v2\/types\/page"}],"author":[{"embeddable":true,"href":"https:\/\/sysion.ch\/index\/wp-json\/wp\/v2\/users\/1"}],"replies":[{"embeddable":true,"href":"https:\/\/sysion.ch\/index\/wp-json\/wp\/v2\/comments?post=397"}],"version-history":[{"count":1,"href":"https:\/\/sysion.ch\/index\/wp-json\/wp\/v2\/pages\/397\/revisions"}],"predecessor-version":[{"id":1249,"href":"https:\/\/sysion.ch\/index\/wp-json\/wp\/v2\/pages\/397\/revisions\/1249"}],"wp:attachment":[{"href":"https:\/\/sysion.ch\/index\/wp-json\/wp\/v2\/media?parent=397"}],"curies":[{"name":"wp","href":"https:\/\/api.w.org\/{rel}","templated":true}]}}